{"version":"1.0","provider_name":"Mindenes","provider_url":"https:\/\/mindenes.cafeblog.hu","author_name":"Ot\u00ed","author_url":"https:\/\/mindenes.cafeblog.hu\/author\/ottilia\/","title":"Kar\u00e1csonyi v\u00e1s\u00e1r F\u00f3ton","html":"<div>\r\n<p style=\"text-align: justify\"><strong>2014. december 23-ig F\u00f3ton a nagytemplom el\u0151tti t\u00e9ren megrendez\u00e9sre ker\u00fcl\u0151 Kar\u00e1csonyi v\u00e1s\u00e1r.<\/strong><\/p>\r\n<\/div>\r\n<div>\u00a0<\/div>\r\n<div>\r\n<div>Kellemes kikapcsol\u00f3d\u00e1s az eg\u00e9sz csal\u00e1d sz\u00e1m\u00e1ra! F\u0171szeres forralt bor,s\u00fcltgesztenye,forr\u00f3 t\u00e9li te\u00e1k,k\u00fcl\u00f6nf\u00e9le kal\u00e1csok \u00e9s s\u00fcltek inycsiklandoz\u00f3 illata lengi \u00e1t a v\u00e1s\u00e1r ter\u00fclet\u00e9t. Term\u00e9szetesen aki aj\u00e1nd\u00e9kokat szeretne v\u00e1s\u00e1rolni,az is megtal\u00e1lja a sz\u00e1m\u00edt\u00e1sait a v\u00e1s\u00e1ron. Mindenkit szeretettel v\u00e1runk.<\/div>\r\n<div>\r\n<ul class=\"hotel-short-info\">\r\n<li><strong>TELEP\u00dcL\u00c9S<br \/><\/strong>F\u00f3t<\/li>\r\n<li><strong>C\u00cdM<\/strong><br \/>Nagytemplom<\/li>\r\n<li><strong>NYITVATART\u00c1S<\/strong><br \/>11.28-12.23\u00a0<\/li>\r\n<\/ul>\r\n<p>Forr\u00e1s: utisugo.hu<\/p>\r\n[caption id=\"attachment_18\" align=\"aligncenter\" width=\"300\" class=\" \"]<a href=\"https:\/\/mindenes.cafeblog.hu\/files\/2014\/12\/004540494_adventibode.jpg.jpg_big.jpg\"><img class=\"size-medium wp-image-18\" src=\"https:\/\/mindenes.cafeblog.hu\/files\/2014\/12\/004540494_adventibode.jpg.jpg_big-300x200.jpg\" alt=\"Adventi b\u00f3d\u00e9-F\u00f3t Forr\u00e1s: utisugo.hu\" width=\"300\" height=\"200\" \/><\/a> Adventi b\u00f3d\u00e9-F\u00f3t<br \/>Forr\u00e1s: utisugo.hu[\/caption]\r\n<\/div>\r\n<\/div>","type":"rich"}